{"id":29146,"date":"2017-02-28T18:50:18","date_gmt":"2017-02-28T17:50:18","guid":{"rendered":"http:\/\/cricoekszer.hu\/?page_id=29146"},"modified":"2025-10-08T19:27:22","modified_gmt":"2025-10-08T18:27:22","slug":"rolunk","status":"publish","type":"page","link":"https:\/\/cricoekszer.hu\/index.php\/rolunk\/","title":{"rendered":"R\u00f3lunk"},"content":{"rendered":"<p>[et_pb_section fb_built=&#8221;1&#8243; admin_label=&#8221;section&#8221; _builder_version=&#8221;4.27.4&#8243; background_color=&#8221;#FFFFFF&#8221; parallax=&#8221;on&#8221; custom_padding=&#8221;||||false|false&#8221; transparent_background=&#8221;off&#8221; make_fullwidth=&#8221;off&#8221; use_custom_width=&#8221;off&#8221; width_unit=&#8221;on&#8221; custom_width_px=&#8221;1080px&#8221; custom_width_percent=&#8221;80%&#8221; global_colors_info=&#8221;{}&#8221;][et_pb_row _builder_version=&#8221;4.27.4&#8243; _module_preset=&#8221;default&#8221; global_colors_info=&#8221;{}&#8221;][et_pb_column type=&#8221;4_4&#8243; _builder_version=&#8221;4.27.4&#8243; _module_preset=&#8221;default&#8221; global_colors_info=&#8221;{}&#8221;][et_pb_heading title=&#8221;R\u00d3LUNK&#8221; _builder_version=&#8221;4.27.4&#8243; _module_preset=&#8221;default&#8221; title_font=&#8221;|||on|||||&#8221; title_text_align=&#8221;center&#8221; title_text_color=&#8221;#0F4C5C&#8221; locked=&#8221;off&#8221; global_colors_info=&#8221;{}&#8221;][\/et_pb_heading][\/et_pb_column][\/et_pb_row][et_pb_row column_structure=&#8221;1_2,1_2&#8243; disabled_on=&#8221;off|off|off&#8221; admin_label=&#8221;row&#8221; _builder_version=&#8221;4.27.4&#8243; background_size=&#8221;initial&#8221; background_position=&#8221;top_left&#8221; background_repeat=&#8221;repeat&#8221; custom_padding=&#8221;0px|0px|27px|0px&#8221; hover_enabled=&#8221;0&#8243; make_fullwidth=&#8221;off&#8221; use_custom_width=&#8221;off&#8221; width_unit=&#8221;off&#8221; custom_width_px=&#8221;1080px&#8221; custom_width_percent=&#8221;80%&#8221; global_colors_info=&#8221;{}&#8221; sticky_enabled=&#8221;0&#8243;][et_pb_column type=&#8221;1_2&#8243; _builder_version=&#8221;4.27.4&#8243; custom_padding=&#8221;|||&#8221; global_colors_info=&#8221;{}&#8221; custom_padding__hover=&#8221;|||&#8221;][et_pb_image src=&#8221;https:\/\/cricoekszer.hu\/wp-content\/uploads\/2021\/11\/cewes21-094-scaled.jpg&#8221; align_tablet=&#8221;center&#8221; align_phone=&#8221;center&#8221; align_last_edited=&#8221;on|desktop&#8221; _builder_version=&#8221;4.27.4&#8243; custom_margin=&#8221;||||false|false&#8221; animation_style=&#8221;fade&#8221; animation_duration=&#8221;500ms&#8221; border_width_all=&#8221;1px&#8221; border_color_all=&#8221;#ffffff&#8221; border_style_all=&#8221;solid&#8221; animation=&#8221;fade_in&#8221; sticky=&#8221;off&#8221; use_border_color=&#8221;on&#8221; border_color=&#8221;#ffffff&#8221; border_width=&#8221;1px&#8221; border_style=&#8221;solid&#8221; always_center_on_mobile=&#8221;on&#8221; global_colors_info=&#8221;{}&#8221;][\/et_pb_image][\/et_pb_column][et_pb_column type=&#8221;1_2&#8243; _builder_version=&#8221;4.16&#8243; custom_padding=&#8221;|||&#8221; global_colors_info=&#8221;{}&#8221; custom_padding__hover=&#8221;|||&#8221;][et_pb_text disabled_on=&#8221;off|off|off&#8221; admin_label=&#8221;Text&#8221; _builder_version=&#8221;4.27.4&#8243; text_text_color=&#8221;#000000&#8243; header_font_size=&#8221;34px&#8221; background_size=&#8221;initial&#8221; background_position=&#8221;top_left&#8221; background_repeat=&#8221;repeat&#8221; background_layout=&#8221;dark&#8221; hover_enabled=&#8221;0&#8243; use_border_color=&#8221;off&#8221; border_style=&#8221;solid&#8221; global_colors_info=&#8221;{}&#8221; sticky_enabled=&#8221;0&#8243;]<\/p>\n<p><span>A CRICO \u00c9kszer 2014. m\u00e1rcius 15-\u00e9n sz\u00fcletett meg, egy csal\u00e1di v\u00e1llalkoz\u00e1sk\u00e9nt, ahol a k\u00e9zm\u0171ves min\u0151s\u00e9g, a maximalista szakmai hozz\u00e1\u00e1ll\u00e1s \u00e9s a folyamatos meg\u00fajul\u00e1s tal\u00e1lkozik. Az\u00f3ta sz\u00e1mtalan p\u00e1r v\u00e1lasztotta a CRICO-t karikagy\u0171r\u0171je \u00e9s eljegyz\u00e9si gy\u0171r\u0171je elk\u00e9sz\u00edt\u00e9s\u00e9hez \u2013 minden alkalommal ugyanolyan lelkesed\u00e9ssel \u00e9s gondoss\u00e1ggal dolgozunk a legszebb \u00e9s legt\u00f6k\u00e9letesebb v\u00e9geredm\u00e9ny\u00e9rt.<\/span><\/p>\n<p><span>A CRICO sz\u00e1munkra nem csup\u00e1n egy brand, hanem az \u201eels\u0151 k\u00f6z\u00f6s gyermek\u00fcnk\u201d. Az\u00f3ta m\u00e1r k\u00e9t val\u00f3di gyermek\u00fcnk is sz\u00fcletett, akik rem\u00e9nyeink szerint egyszer tov\u00e1bbviszik majd mindazt, amit mi elkezdt\u00fcnk.<\/span><\/p>\n<h3><span style=\"color: #0a0a0a;\">Tegzes Brigi<\/span><\/h3>\n<p><span>\u00c9n vagyok az, akihez els\u0151k\u00e9nt fordultok, amikor felveszitek vel\u00fcnk a kapcsolatot. Az \u00fcgyfelekkel val\u00f3 kommunik\u00e1ci\u00f3, a szervez\u00e9s \u00e9s az online jelenl\u00e9t mellett minden olyan h\u00e1tt\u00e9rfeladatot \u00e9n int\u00e9zek, ami ahhoz kell, hogy Csabi nyugodtan a gy\u0171r\u0171k k\u00e9sz\u00edt\u00e9s\u00e9re koncentr\u00e1lhasson.<\/span><\/p>\n<p><span>Az els\u0151 \u00fczenet vagy e-mail ut\u00e1n elk\u00e9sz\u00edtem az \u00e1raj\u00e1nlatot az egyedi elk\u00e9pzel\u00e9seitek alapj\u00e1n, \u00e9s r\u00e9szletes t\u00e1j\u00e9koztat\u00f3t k\u00fcld\u00f6k, hogy minden k\u00e9rd\u00e9sre v\u00e1laszt kapjatok. \u00c9n egyeztetem a konzult\u00e1ci\u00f3 id\u0151pontj\u00e1t is, ahol szem\u00e9lyesen tal\u00e1lkozhattok Csabival, \u00e9s k\u00e9s\u0151bb a m\u00e9retpr\u00f3ba, valamint az \u00e1tad\u00e1s kapcs\u00e1n is \u00e9n tartom a kapcsolatot veletek.<\/span><\/p>\n<p><span>Fontos sz\u00e1momra, hogy az eg\u00e9sz folyamat \u00e1tl\u00e1that\u00f3, biztons\u00e1gos \u00e9s \u00f6r\u00f6mteli legyen sz\u00e1motokra \u2013 hiszen egy \u00e9letre sz\u00f3l\u00f3 d\u00f6nt\u00e9shez keresitek a t\u00f6k\u00e9letes gy\u0171r\u0171t.<\/span><\/p>\n<h3><span style=\"color: #0c0c0c;\">Tegzes Csabi<\/span><\/h3>\n<p><span>2003-ban v\u00e9geztem a Pr\u00e1ter utcai Budapesti Szolg\u00e1ltat\u00f3- \u00e9s K\u00e9zm\u0171vesipari Szakk\u00e9pz\u0151 Iskol\u00e1ban, mint \u00f6tv\u00f6s\u2013aranym\u0171ves. M\u00e1r tanul\u00f3\u00e9veim alatt t\u00f6bb orsz\u00e1gos versenyen \u00e9rtem el kiemelked\u0151 helyez\u00e9seket (Ifj\u00fa Alkot\u00f3k Ki\u00e1ll\u00edt\u00e1sa 2002 \u2013 3. hely, 2003 \u2013 5. hely, Szentp\u00e9tery D\u00edj 2003 \u2013 1. hely). Mestereim \u00e9s oktat\u00f3im megszerettett\u00e9k velem ezt a gy\u00f6ny\u00f6r\u0171 szakm\u00e1t, \u00e9s az\u00f3ta is szenved\u00e9llyel k\u00e9sz\u00edtem a szebbn\u00e9l szebb karikagy\u0171r\u0171ket \u00e9s eljegyz\u00e9si gy\u0171r\u0171ket, mindig a legmagasabb szakmai sz\u00ednvonalat k\u00e9pviselve.<\/span><\/p>\n<p><span>A szakmai egyeztet\u00e9sek sor\u00e1n velem tal\u00e1lkozhattok: k\u00f6z\u00f6sen pontos\u00edtjuk a karikagy\u0171r\u0171k \u00e9s eljegyz\u00e9si gy\u0171r\u0171k fazonj\u00e1t, \u00e1tbesz\u00e9lj\u00fck a r\u00e9szleteket, \u00e9s minden felmer\u00fcl\u0151 k\u00e9rd\u00e9sre v\u00e1laszt adok. \u00cdgy biztosak lehettek abban, hogy minden apr\u00f3 r\u00e9szlet a hely\u00e9re ker\u00fcl, miel\u0151tt a munka elkezd\u0151dik. K\u00fcl\u00f6n\u00f6sen fontosnak tartom, hogy k\u00f6zvetlen\u00fcl velem egyeztethessetek a r\u00e9szletekr\u0151l, hiszen \u00e9n fogom elk\u00e9sz\u00edteni a gy\u0171r\u0171iteket.<\/span><\/p>\n<p><span>Ha szeretn\u00e9tek szem\u00e9lyesen is megtapasztalni, milyen lesz a k\u00f6z\u00f6s gy\u0171r\u0171t\u00f6k, el\u0151re egyeztetett id\u0151pontban v\u00e1runk buda\u00f6rsi szalonunkban. Itt zajlik a szakmai konzult\u00e1ci\u00f3, az \u00f6tletel\u00e9s, a fazonok egyeztet\u00e9se \u00e9s a m\u00e9retpr\u00f3ba is, mik\u00f6zben k\u00e9zbe is vehetitek az \u00e9kszereket. Tapasztalatunk szerint ez sok p\u00e1rnak adja meg azt a plusz biztons\u00e1got, ami a v\u00e9gs\u0151 d\u00f6nt\u00e9st igaz\u00e1n k\u00f6nny\u0171v\u00e9 teszi. A Kapcsolat men\u00fcpontra kattintva minden el\u00e9rhet\u0151s\u00e9g\u00fcnket megtal\u00e1lj\u00e1tok.<\/span><span><\/span><\/p>\n<p><span><\/span><\/p>\n<p>[\/et_pb_text][et_pb_button button_url=&#8221;https:\/\/cricoekszer.hu\/index.php\/kapcsolat\/&#8221; button_text=&#8221;L\u00e9pj vel\u00fcnk kapcsolatba!&#8221; button_alignment=&#8221;center&#8221; _builder_version=&#8221;4.27.4&#8243; _module_preset=&#8221;default&#8221; global_colors_info=&#8221;{}&#8221;][\/et_pb_button][\/et_pb_column][\/et_pb_row][\/et_pb_section][et_pb_section fb_built=&#8221;1&#8243; _builder_version=&#8221;4.27.4&#8243; _module_preset=&#8221;default&#8221; custom_margin=&#8221;0px|0px|0px|0px|false|false&#8221; custom_padding=&#8221;0px|0px|0px|0px|false|false&#8221; locked=&#8221;off&#8221; global_colors_info=&#8221;{}&#8221;][et_pb_row _builder_version=&#8221;4.27.4&#8243; _module_preset=&#8221;default&#8221; custom_padding=&#8221;||31px|||&#8221; global_colors_info=&#8221;{}&#8221;][et_pb_column type=&#8221;4_4&#8243; _builder_version=&#8221;4.27.4&#8243; _module_preset=&#8221;default&#8221; global_colors_info=&#8221;{}&#8221;][et_pb_divider show_divider=&#8221;off&#8221; _builder_version=&#8221;4.27.4&#8243; _module_preset=&#8221;default&#8221; min_height=&#8221;65px&#8221; height=&#8221;65px&#8221; max_height=&#8221;65px&#8221; global_colors_info=&#8221;{}&#8221;][\/et_pb_divider][\/et_pb_column][\/et_pb_row][\/et_pb_section]<\/p>\n","protected":false},"excerpt":{"rendered":"<p>A CRICO \u00c9kszer 2014. m\u00e1rcius 15-\u00e9n sz\u00fcletett meg, egy csal\u00e1di v\u00e1llalkoz\u00e1sk\u00e9nt, ahol a k\u00e9zm\u0171ves min\u0151s\u00e9g, a maximalista szakmai hozz\u00e1\u00e1ll\u00e1s \u00e9s a folyamatos meg\u00fajul\u00e1s tal\u00e1lkozik. Az\u00f3ta sz\u00e1mtalan p\u00e1r v\u00e1lasztotta a CRICO-t karikagy\u0171r\u0171je \u00e9s eljegyz\u00e9si gy\u0171r\u0171je elk\u00e9sz\u00edt\u00e9s\u00e9hez \u2013 minden alkalommal ugyanolyan lelkesed\u00e9ssel \u00e9s gondoss\u00e1ggal dolgozunk a legszebb \u00e9s legt\u00f6k\u00e9letesebb v\u00e9geredm\u00e9ny\u00e9rt. A CRICO sz\u00e1munkra nem csup\u00e1n egy brand, [&hellip;]<\/p>\n","protected":false},"author":1,"featured_media":0,"parent":0,"menu_order":0,"comment_status":"closed","ping_status":"closed","template":"","meta":{"_et_pb_use_builder":"on","_et_pb_old_content":"","_et_gb_content_width":"","footnotes":""},"class_list":["post-29146","page","type-page","status-publish","hentry"],"yoast_head":"<!-- This site is optimized with the Yoast SEO plugin v27.0 - https:\/\/yoast.com\/product\/yoast-seo-wordpress\/ -->\n<title>R\u00f3lunk - Crico<\/title>\n<meta name=\"robots\" content=\"index, follow, max-snippet:-1, max-image-preview:large, max-video-preview:-1\" \/>\n<link rel=\"canonical\" href=\"https:\/\/cricoekszer.hu\/index.php\/rolunk\/\" \/>\n<meta property=\"og:locale\" content=\"hu_HU\" \/>\n<meta property=\"og:type\" content=\"article\" \/>\n<meta property=\"og:title\" content=\"R\u00f3lunk - Crico\" \/>\n<meta property=\"og:description\" content=\"A CRICO \u00c9kszer 2014. m\u00e1rcius 15-\u00e9n sz\u00fcletett meg, egy csal\u00e1di v\u00e1llalkoz\u00e1sk\u00e9nt, ahol a k\u00e9zm\u0171ves min\u0151s\u00e9g, a maximalista szakmai hozz\u00e1\u00e1ll\u00e1s \u00e9s a folyamatos meg\u00fajul\u00e1s tal\u00e1lkozik. Az\u00f3ta sz\u00e1mtalan p\u00e1r v\u00e1lasztotta a CRICO-t karikagy\u0171r\u0171je \u00e9s eljegyz\u00e9si gy\u0171r\u0171je elk\u00e9sz\u00edt\u00e9s\u00e9hez \u2013 minden alkalommal ugyanolyan lelkesed\u00e9ssel \u00e9s gondoss\u00e1ggal dolgozunk a legszebb \u00e9s legt\u00f6k\u00e9letesebb v\u00e9geredm\u00e9ny\u00e9rt. A CRICO sz\u00e1munkra nem csup\u00e1n egy brand, [&hellip;]\" \/>\n<meta property=\"og:url\" content=\"https:\/\/cricoekszer.hu\/index.php\/rolunk\/\" \/>\n<meta property=\"og:site_name\" content=\"Crico\" \/>\n<meta property=\"article:publisher\" content=\"https:\/\/www.facebook.com\/cricojewelry\" \/>\n<meta property=\"article:modified_time\" content=\"2025-10-08T18:27:22+00:00\" \/>\n<meta property=\"og:image\" content=\"https:\/\/cricoekszer.hu\/wp-content\/uploads\/2017\/02\/Crico-logo_vastagabb-feh\u00e9r-kerettel_h\u00e1tt\u00e9r-n\u00e9lk\u00fcl_20-kicsi.png\" \/>\n\t<meta property=\"og:image:width\" content=\"454\" \/>\n\t<meta property=\"og:image:height\" content=\"454\" \/>\n\t<meta property=\"og:image:type\" content=\"image\/png\" \/>\n<meta name=\"twitter:card\" content=\"summary_large_image\" \/>\n<meta name=\"twitter:label1\" content=\"Becs\u00fclt olvas\u00e1si id\u0151\" \/>\n\t<meta name=\"twitter:data1\" content=\"5 perc\" \/>\n<script type=\"application\/ld+json\" class=\"yoast-schema-graph\">{\"@context\":\"https:\/\/schema.org\",\"@graph\":[{\"@type\":\"WebPage\",\"@id\":\"https:\/\/cricoekszer.hu\/index.php\/rolunk\/\",\"url\":\"https:\/\/cricoekszer.hu\/index.php\/rolunk\/\",\"name\":\"R\u00f3lunk - Crico\",\"isPartOf\":{\"@id\":\"https:\/\/cricoekszer.hu\/#website\"},\"datePublished\":\"2017-02-28T17:50:18+00:00\",\"dateModified\":\"2025-10-08T18:27:22+00:00\",\"breadcrumb\":{\"@id\":\"https:\/\/cricoekszer.hu\/index.php\/rolunk\/#breadcrumb\"},\"inLanguage\":\"hu\",\"potentialAction\":[{\"@type\":\"ReadAction\",\"target\":[\"https:\/\/cricoekszer.hu\/index.php\/rolunk\/\"]}]},{\"@type\":\"BreadcrumbList\",\"@id\":\"https:\/\/cricoekszer.hu\/index.php\/rolunk\/#breadcrumb\",\"itemListElement\":[{\"@type\":\"ListItem\",\"position\":1,\"name\":\"Kezd\u0151lap\",\"item\":\"https:\/\/cricoekszer.hu\/\"},{\"@type\":\"ListItem\",\"position\":2,\"name\":\"R\u00f3lunk\"}]},{\"@type\":\"WebSite\",\"@id\":\"https:\/\/cricoekszer.hu\/#website\",\"url\":\"https:\/\/cricoekszer.hu\/\",\"name\":\"Crico\",\"description\":\"Egyedi gy\u00e9m\u00e1nt gy\u0171r\u0171k\",\"publisher\":{\"@id\":\"https:\/\/cricoekszer.hu\/#organization\"},\"potentialAction\":[{\"@type\":\"SearchAction\",\"target\":{\"@type\":\"EntryPoint\",\"urlTemplate\":\"https:\/\/cricoekszer.hu\/?s={search_term_string}\"},\"query-input\":{\"@type\":\"PropertyValueSpecification\",\"valueRequired\":true,\"valueName\":\"search_term_string\"}}],\"inLanguage\":\"hu\"},{\"@type\":\"Organization\",\"@id\":\"https:\/\/cricoekszer.hu\/#organization\",\"name\":\"CRICO \u00c9kszer\",\"url\":\"https:\/\/cricoekszer.hu\/\",\"logo\":{\"@type\":\"ImageObject\",\"inLanguage\":\"hu\",\"@id\":\"https:\/\/cricoekszer.hu\/#\/schema\/logo\/image\/\",\"url\":\"https:\/\/cricoekszer.hu\/wp-content\/uploads\/2017\/02\/Crico-logo_vastagabb-feh\u00e9r-kerettel_h\u00e1tt\u00e9r-n\u00e9lk\u00fcl_20-kicsi.png\",\"contentUrl\":\"https:\/\/cricoekszer.hu\/wp-content\/uploads\/2017\/02\/Crico-logo_vastagabb-feh\u00e9r-kerettel_h\u00e1tt\u00e9r-n\u00e9lk\u00fcl_20-kicsi.png\",\"width\":454,\"height\":454,\"caption\":\"CRICO \u00c9kszer\"},\"image\":{\"@id\":\"https:\/\/cricoekszer.hu\/#\/schema\/logo\/image\/\"},\"sameAs\":[\"https:\/\/www.facebook.com\/cricojewelry\"]}]}<\/script>\n<!-- \/ Yoast SEO plugin. -->","yoast_head_json":{"title":"R\u00f3lunk - Crico","robots":{"index":"index","follow":"follow","max-snippet":"max-snippet:-1","max-image-preview":"max-image-preview:large","max-video-preview":"max-video-preview:-1"},"canonical":"https:\/\/cricoekszer.hu\/index.php\/rolunk\/","og_locale":"hu_HU","og_type":"article","og_title":"R\u00f3lunk - Crico","og_description":"A CRICO \u00c9kszer 2014. m\u00e1rcius 15-\u00e9n sz\u00fcletett meg, egy csal\u00e1di v\u00e1llalkoz\u00e1sk\u00e9nt, ahol a k\u00e9zm\u0171ves min\u0151s\u00e9g, a maximalista szakmai hozz\u00e1\u00e1ll\u00e1s \u00e9s a folyamatos meg\u00fajul\u00e1s tal\u00e1lkozik. Az\u00f3ta sz\u00e1mtalan p\u00e1r v\u00e1lasztotta a CRICO-t karikagy\u0171r\u0171je \u00e9s eljegyz\u00e9si gy\u0171r\u0171je elk\u00e9sz\u00edt\u00e9s\u00e9hez \u2013 minden alkalommal ugyanolyan lelkesed\u00e9ssel \u00e9s gondoss\u00e1ggal dolgozunk a legszebb \u00e9s legt\u00f6k\u00e9letesebb v\u00e9geredm\u00e9ny\u00e9rt. A CRICO sz\u00e1munkra nem csup\u00e1n egy brand, [&hellip;]","og_url":"https:\/\/cricoekszer.hu\/index.php\/rolunk\/","og_site_name":"Crico","article_publisher":"https:\/\/www.facebook.com\/cricojewelry","article_modified_time":"2025-10-08T18:27:22+00:00","og_image":[{"width":454,"height":454,"url":"https:\/\/cricoekszer.hu\/wp-content\/uploads\/2017\/02\/Crico-logo_vastagabb-feh\u00e9r-kerettel_h\u00e1tt\u00e9r-n\u00e9lk\u00fcl_20-kicsi.png","type":"image\/png"}],"twitter_card":"summary_large_image","twitter_misc":{"Becs\u00fclt olvas\u00e1si id\u0151":"5 perc"},"schema":{"@context":"https:\/\/schema.org","@graph":[{"@type":"WebPage","@id":"https:\/\/cricoekszer.hu\/index.php\/rolunk\/","url":"https:\/\/cricoekszer.hu\/index.php\/rolunk\/","name":"R\u00f3lunk - Crico","isPartOf":{"@id":"https:\/\/cricoekszer.hu\/#website"},"datePublished":"2017-02-28T17:50:18+00:00","dateModified":"2025-10-08T18:27:22+00:00","breadcrumb":{"@id":"https:\/\/cricoekszer.hu\/index.php\/rolunk\/#breadcrumb"},"inLanguage":"hu","potentialAction":[{"@type":"ReadAction","target":["https:\/\/cricoekszer.hu\/index.php\/rolunk\/"]}]},{"@type":"BreadcrumbList","@id":"https:\/\/cricoekszer.hu\/index.php\/rolunk\/#breadcrumb","itemListElement":[{"@type":"ListItem","position":1,"name":"Kezd\u0151lap","item":"https:\/\/cricoekszer.hu\/"},{"@type":"ListItem","position":2,"name":"R\u00f3lunk"}]},{"@type":"WebSite","@id":"https:\/\/cricoekszer.hu\/#website","url":"https:\/\/cricoekszer.hu\/","name":"Crico","description":"Egyedi gy\u00e9m\u00e1nt gy\u0171r\u0171k","publisher":{"@id":"https:\/\/cricoekszer.hu\/#organization"},"potentialAction":[{"@type":"SearchAction","target":{"@type":"EntryPoint","urlTemplate":"https:\/\/cricoekszer.hu\/?s={search_term_string}"},"query-input":{"@type":"PropertyValueSpecification","valueRequired":true,"valueName":"search_term_string"}}],"inLanguage":"hu"},{"@type":"Organization","@id":"https:\/\/cricoekszer.hu\/#organization","name":"CRICO \u00c9kszer","url":"https:\/\/cricoekszer.hu\/","logo":{"@type":"ImageObject","inLanguage":"hu","@id":"https:\/\/cricoekszer.hu\/#\/schema\/logo\/image\/","url":"https:\/\/cricoekszer.hu\/wp-content\/uploads\/2017\/02\/Crico-logo_vastagabb-feh\u00e9r-kerettel_h\u00e1tt\u00e9r-n\u00e9lk\u00fcl_20-kicsi.png","contentUrl":"https:\/\/cricoekszer.hu\/wp-content\/uploads\/2017\/02\/Crico-logo_vastagabb-feh\u00e9r-kerettel_h\u00e1tt\u00e9r-n\u00e9lk\u00fcl_20-kicsi.png","width":454,"height":454,"caption":"CRICO \u00c9kszer"},"image":{"@id":"https:\/\/cricoekszer.hu\/#\/schema\/logo\/image\/"},"sameAs":["https:\/\/www.facebook.com\/cricojewelry"]}]}},"_links":{"self":[{"href":"https:\/\/cricoekszer.hu\/index.php\/wp-json\/wp\/v2\/pages\/29146","targetHints":{"allow":["GET"]}}],"collection":[{"href":"https:\/\/cricoekszer.hu\/index.php\/wp-json\/wp\/v2\/pages"}],"about":[{"href":"https:\/\/cricoekszer.hu\/index.php\/wp-json\/wp\/v2\/types\/page"}],"author":[{"embeddable":true,"href":"https:\/\/cricoekszer.hu\/index.php\/wp-json\/wp\/v2\/users\/1"}],"replies":[{"embeddable":true,"href":"https:\/\/cricoekszer.hu\/index.php\/wp-json\/wp\/v2\/comments?post=29146"}],"version-history":[{"count":77,"href":"https:\/\/cricoekszer.hu\/index.php\/wp-json\/wp\/v2\/pages\/29146\/revisions"}],"predecessor-version":[{"id":31602,"href":"https:\/\/cricoekszer.hu\/index.php\/wp-json\/wp\/v2\/pages\/29146\/revisions\/31602"}],"wp:attachment":[{"href":"https:\/\/cricoekszer.hu\/index.php\/wp-json\/wp\/v2\/media?parent=29146"}],"curies":[{"name":"wp","href":"https:\/\/api.w.org\/{rel}","templated":true}]}}